{"id":809,"date":"2026-03-03T20:05:49","date_gmt":"2026-03-03T23:05:49","guid":{"rendered":"https:\/\/mccicm.uff.br\/?page_id=809"},"modified":"2026-03-06T01:24:18","modified_gmt":"2026-03-06T04:24:18","slug":"pos-graduacao-em-auditoria-e-controladoria-pgac","status":"publish","type":"page","link":"https:\/\/mccicm.uff.br\/?page_id=809","title":{"rendered":"P\u00f3s-Gradua\u00e7\u00e3o em Auditoria e Controladoria (PGAC)"},"content":{"rendered":"<h2><\/h2>\n<h2><strong>MBA em Auditoria e Controladoria EaD \u2013 UFF<\/strong><\/h2>\n<hr style=\"border: 1px solid #ddd\" \/>\n<h3>\ud83c\udfdb\ufe0f <strong>Apresenta\u00e7\u00e3o Institucional<\/strong><\/h3>\n<p>O MBA em Auditoria e Controladoria EaD foi criado em 06\/03\/2024, por meio da Resolu\u00e7\u00e3o CUV\/UFF n\u00ba 309, no \u00e2mbito da Universidade Federal Fluminense (UFF).<\/p>\n<p>O curso \u00e9 vinculado ao:<\/p>\n<p>Instituto de Ci\u00eancias da Sociedade de Maca\u00e9\u00a0 \u00a0 \u00a0 \u00a0 \u00a0 \u00a0 \u00a0 \u00a0 \u00a0 \u00a0 \u00a0 \u00a0 \u00a0 \u00a0 \u00a0 \u00a0 \u00a0 \u00a0 \u00a0 \u00a0 \u00a0 \u00a0 \u00a0 \u00a0 \u00a0 \u00a0 \u00a0 \u00a0 \u00a0 \u00a0 \u00a0 \u00a0 \u00a0 \u00a0 \u00a0 \u00a0 \u00a0 \u00a0 \u00a0 \u00a0 \u00a0 \u00a0 \u00a0 \u00a0 \u00a0 \u00a0 \u00a0 \u00a0 \u00a0 \u00a0 \u00a0 \u00a0 \u00a0 \u00a0 \u00a0 \u00a0 \u00a0 \u00a0 \u00a0 \u00a0 \u00a0 \u00a0 \u00a0 \u00a0 \u00a0 \u00a0 \u00a0 \u00a0 \u00a0 \u00a0 \u00a0Departamento de Contabilidade de Maca\u00e9<\/p>\n<p>A primeira turma iniciou em 2025 e a segunda turma (2026) ter\u00e1 inscri\u00e7\u00f5es abertas a partir de:<\/p>\n<p>\ud83d\udcc5 01 de abril de 2026<\/p>\n<p>\ud83d\udd17 Edital:\u00a0<a href=\"https:\/\/editais.uff.br\/10587\">https:\/\/editais.uff.br\/10587<\/a><\/p>\n<p>\ud83d\udcc4 Regulamento Geral Lato Sensu UFF:\u00a0<a href=\"https:\/\/www.uff.br\/wp-content\/uploads\/2023\/12\/resolucao_150-2010_1.pdf\">https:\/\/www.uff.br\/wp-content\/uploads\/2023\/12\/resolucao_150-2010_1.pdf<\/a><\/p>\n<p>\ud83d\udce7 Contato:\u00a0<a href=\"pgac.icm@id.uff.br\">pgac.icm@id.uff.br<\/a><\/p>\n<hr style=\"border: 1px solid #ddd\" \/>\n<h3>\ud83d\udcbc <strong>Estrutura do Curso<\/strong><\/h3>\n<p>\u23f1\ufe0f Carga Hor\u00e1ria Total: 375h<\/p>\n<p>Disciplina (Carga Hor\u00e1ria)<br \/>\nContabilidade Financeira (45h)<br \/>\nM\u00e9todos Quantitativos (45h)<br \/>\nAn\u00e1lise de Demonstra\u00e7\u00f5es Cont\u00e1beis (45h)<br \/>\nControladoria (45h)<br \/>\nT\u00f3picos Especiais em Auditoria e Controladoria (60h)<br \/>\nGovernan\u00e7a Corporativa e Compliance (45h)<br \/>\nAuditoria e Per\u00edcia (45h)<br \/>\nMetodologia da Pesquisa (45h)<\/p>\n<hr style=\"border: 1px solid #ddd\" \/>\n<h3>\ud83c\udfaf<strong> Diferenciais do Curso<\/strong><\/h3>\n<p>\u2714 Forma\u00e7\u00e3o estrat\u00e9gica voltada ao mercado e \u00e0 pesquisa<br \/>\n\u2714 Corpo docente interinstitucional (UFF e UFRJ)<br \/>\n\u2714 Abordagem pr\u00e1tica aplicada \u00e0 Auditoria e Controladoria<br \/>\n\u2714 Modalidade h\u00edbrida (remoto + avalia\u00e7\u00f5es\/atividades presenciais)<br \/>\n\u2714 Curso ofertado por universidade p\u00fablica federal (ensino gratuito)<\/p>\n<hr style=\"border: 1px solid #ddd\" \/>\n<h3>\ud83d\udda5\ufe0f <strong>Modalidade<\/strong><\/h3>\n<p>\ud83d\udccc Formato h\u00edbrido<\/p>\n<p>Aulas realizadas em modo remoto<\/p>\n<p>Avalia\u00e7\u00f5es e atividades presenciais obrigat\u00f3rias<\/p>\n<hr style=\"border: 1px solid #ddd\" \/>\n<h3>\ud83d\udc65 <strong>Colegiado do Curso<\/strong><\/h3>\n<p>O Colegiado \u00e9 composto por docentes e discentes vinculados \u00e0 UFF e \u00e0 UFRJ.<\/p>\n<h5>\ud83d\udcda <strong>Docentes<\/strong><\/h5>\n<p>Gabriel Augusto de Sousa (Coordenador)<\/p>\n<p>M\u00e1rcio Marvila Pimenta (Vice-Coordenador)<\/p>\n<p>Monique do Santos Barreto<\/p>\n<p>\u00c9rica Jann Velozo<\/p>\n<p>Jo\u00e3o Antonio Salvador de Souza<\/p>\n<p>Jonathas Coelho Queiroz da Silva<\/p>\n<p>Tatiana Acar<\/p>\n<h5>\ud83c\udf93 <strong>Representa\u00e7\u00e3o Discente<\/strong><\/h5>\n<p>Leonardo Henrique Gomes Moraes Pires (Titular)<\/p>\n<p>Nathalia Cristine Cardoso Ribeiro (Suplente)<\/p>\n<hr style=\"border: 1px solid #ddd\" \/>\n<h3>\ud83d\udce2 <strong>Chamada para Inscri\u00e7\u00f5es \u2013 Turma 2026<\/strong><\/h3>\n<p>\ud83d\uddd3\ufe0f <strong>Inscri\u00e7\u00f5es a partir de 01\/04\/2026<\/strong><br \/>\n\ud83d\udd17 Edital dispon\u00edvel em:\u00a0<a href=\"https:\/\/editais.uff.br\/10587\">https:\/\/editais.uff.br\/10587\u00a0<\/a><\/p>\n<p><img loading=\"lazy\" decoding=\"async\" class=\"alignnone size-medium wp-image-868\" src=\"http:\/\/mccicm.uff.br\/wp-content\/uploads\/sites\/79\/2026\/03\/Logo_PGAC-300x99.png\" alt=\"\" width=\"300\" height=\"99\" \/><\/p>\n","protected":false},"excerpt":{"rendered":"<p>MBA em Auditoria e Controladoria EaD \u2013 UFF \ud83c\udfdb\ufe0f Apresenta\u00e7\u00e3o Institucional O MBA em Auditoria e Controladoria EaD foi criado em 06\/03\/2024, por meio da Resolu\u00e7\u00e3o CUV\/UFF n\u00ba 309, no \u00e2mbito da Universidade Federal Fluminense (UFF). O curso \u00e9 vinculado ao: Instituto de Ci\u00eancias da Sociedade de Maca\u00e9\u00a0 \u00a0 \u00a0 \u00a0 \u00a0 \u00a0 \u00a0 \u00a0 [&hellip;]<\/p>\n","protected":false},"author":106,"featured_media":0,"parent":807,"menu_order":1,"comment_status":"closed","ping_status":"closed","template":"","meta":{"_et_pb_use_builder":"","_et_pb_old_content":"","_et_gb_content_width":"","footnotes":""},"class_list":["post-809","page","type-page","status-publish","hentry"],"_links":{"self":[{"href":"https:\/\/mccicm.uff.br\/index.php?rest_route=\/wp\/v2\/pages\/809","targetHints":{"allow":["GET"]}}],"collection":[{"href":"https:\/\/mccicm.uff.br\/index.php?rest_route=\/wp\/v2\/pages"}],"about":[{"href":"https:\/\/mccicm.uff.br\/index.php?rest_route=\/wp\/v2\/types\/page"}],"author":[{"embeddable":true,"href":"https:\/\/mccicm.uff.br\/index.php?rest_route=\/wp\/v2\/users\/106"}],"replies":[{"embeddable":true,"href":"https:\/\/mccicm.uff.br\/index.php?rest_route=%2Fwp%2Fv2%2Fcomments&post=809"}],"version-history":[{"count":11,"href":"https:\/\/mccicm.uff.br\/index.php?rest_route=\/wp\/v2\/pages\/809\/revisions"}],"predecessor-version":[{"id":875,"href":"https:\/\/mccicm.uff.br\/index.php?rest_route=\/wp\/v2\/pages\/809\/revisions\/875"}],"up":[{"embeddable":true,"href":"https:\/\/mccicm.uff.br\/index.php?rest_route=\/wp\/v2\/pages\/807"}],"wp:attachment":[{"href":"https:\/\/mccicm.uff.br\/index.php?rest_route=%2Fwp%2Fv2%2Fmedia&parent=809"}],"curies":[{"name":"wp","href":"https:\/\/api.w.org\/{rel}","templated":true}]}}