{"id":807,"date":"2026-03-03T19:55:55","date_gmt":"2026-03-03T22:55:55","guid":{"rendered":"https:\/\/mccicm.uff.br\/?page_id=807"},"modified":"2026-03-03T19:55:55","modified_gmt":"2026-03-03T22:55:55","slug":"pos-graduacao","status":"publish","type":"page","link":"https:\/\/mccicm.uff.br\/?page_id=807","title":{"rendered":"P\u00d3S GRADUA\u00c7\u00c3O"},"content":{"rendered":"<div class=\"relative basis-auto flex-col -mb-(--composer-overlap-px) [--composer-overlap-px:28px] grow flex\">\n<div class=\"flex flex-col text-sm pb-25\">\n<article class=\"text-token-text-primary w-full focus:outline-none [--shadow-height:45px] has-data-writing-block:pointer-events-none has-data-writing-block:-mt-(--shadow-height) has-data-writing-block:pt-(--shadow-height) [&amp;:has([data-writing-block])&gt;*]:pointer-events-auto scroll-mt-[calc(var(--header-height)+min(200px,max(70px,20svh)))]\" dir=\"auto\" data-turn-id=\"request-69a0fcc0-c558-8331-a22d-5131a6e3d1a6-0\" data-testid=\"conversation-turn-24\" data-scroll-anchor=\"false\" data-turn=\"assistant\">\n<div class=\"text-base my-auto mx-auto [--thread-content-margin:--spacing(4)] @w-sm\/main:[--thread-content-margin:--spacing(6)] @w-lg\/main:[--thread-content-margin:--spacing(16)] px-(--thread-content-margin)\">\n<div class=\"[--thread-content-max-width:40rem] @w-lg\/main:[--thread-content-max-width:48rem] mx-auto max-w-(--thread-content-max-width) flex-1 group\/turn-messages focus-visible:outline-hidden relative flex w-full min-w-0 flex-col agent-turn\">\n<div class=\"flex max-w-full flex-col grow\">\n<div class=\"min-h-8 text-message relative flex w-full flex-col items-end gap-2 text-start break-words whitespace-normal [.text-message+&amp;]:mt-1\" dir=\"auto\" data-message-author-role=\"assistant\" data-message-id=\"fbdde8f8-4093-44c4-8c28-fa868b92fae6\" data-message-model-slug=\"gpt-5-2\">\n<div class=\"flex w-full flex-col gap-1 empty:hidden first:pt-[1px]\">\n<div class=\"markdown prose dark:prose-invert w-full wrap-break-word light markdown-new-styling\">\n<p data-start=\"275\" data-end=\"750\">A P\u00f3s-Gradua\u00e7\u00e3o reafirma o compromisso da Universidade Federal Fluminense com a educa\u00e7\u00e3o continuada, a democratiza\u00e7\u00e3o do acesso ao conhecimento e o desenvolvimento regional. Em um contexto fora de sede, marcado pela oferta ainda limitada de cursos de p\u00f3s-gradua\u00e7\u00e3o, a consolida\u00e7\u00e3o de iniciativas acad\u00eamicas de forma\u00e7\u00e3o avan\u00e7ada representa um avan\u00e7o significativo para a qualifica\u00e7\u00e3o profissional e para o fortalecimento institucional da regi\u00e3o.<\/p>\n<p data-start=\"752\" data-end=\"1238\">A educa\u00e7\u00e3o continuada constitui elemento essencial na forma\u00e7\u00e3o do profissional cont\u00e1bil contempor\u00e2neo. Diante das constantes transforma\u00e7\u00f5es normativas, tecnol\u00f3gicas e regulat\u00f3rias, a atualiza\u00e7\u00e3o permanente de conhecimentos n\u00e3o \u00e9 apenas diferencial competitivo, mas requisito para atua\u00e7\u00e3o qualificada e \u00e9tica. Nesse cen\u00e1rio, a p\u00f3s-gradua\u00e7\u00e3o cumpre papel estrat\u00e9gico ao promover aprofundamento t\u00e9cnico, vis\u00e3o cr\u00edtica e capacidade anal\u00edtica aplicada \u00e0 realidade econ\u00f4mica local e nacional.<\/p>\n<p data-start=\"1240\" data-end=\"1715\">Al\u00e9m da qualifica\u00e7\u00e3o profissional, a p\u00f3s-gradua\u00e7\u00e3o fortalece a cultura de pesquisa no curso de Ci\u00eancias Cont\u00e1beis. A produ\u00e7\u00e3o acad\u00eamica estimula o desenvolvimento de estudos voltados \u00e0s demandas regionais, \u00e0 inova\u00e7\u00e3o na gest\u00e3o p\u00fablica e privada, ao aprimoramento de pr\u00e1ticas cont\u00e1beis e ao fortalecimento das pol\u00edticas p\u00fablicas. A articula\u00e7\u00e3o entre ensino, pesquisa e extens\u00e3o contribui para consolidar o curso como polo de gera\u00e7\u00e3o e difus\u00e3o de conhecimento na \u00e1rea cont\u00e1bil.<\/p>\n<p data-start=\"1717\" data-end=\"2087\">Em uma regi\u00e3o economicamente estrat\u00e9gica como Maca\u00e9, a forma\u00e7\u00e3o de m\u00e3o de obra altamente qualificada \u00e9 fator determinante para o desenvolvimento sustent\u00e1vel. A oferta de p\u00f3s-gradua\u00e7\u00e3o amplia oportunidades para egressos, profissionais do mercado e servidores p\u00fablicos, reduzindo a necessidade de deslocamento para grandes centros e promovendo inclus\u00e3o acad\u00eamica e social.<\/p>\n<p data-start=\"2089\" data-end=\"2401\">Assim, a P\u00f3s-Gradua\u00e7\u00e3o representa n\u00e3o apenas um espa\u00e7o de aprofundamento acad\u00eamico, mas um instrumento de transforma\u00e7\u00e3o regional, contribuindo para o fortalecimento da profiss\u00e3o cont\u00e1bil, para a valoriza\u00e7\u00e3o da educa\u00e7\u00e3o p\u00fablica e para o desenvolvimento socioecon\u00f4mico de Maca\u00e9 e seu entorno.<\/p>\n<\/div>\n<\/div>\n<\/div>\n<\/div>\n<\/div>\n<\/div>\n<\/article>\n<article class=\"text-token-text-primary w-full focus:outline-none [--shadow-height:45px] has-data-writing-block:pointer-events-none has-data-writing-block:-mt-(--shadow-height) has-data-writing-block:pt-(--shadow-height) [&amp;:has([data-writing-block])&gt;*]:pointer-events-auto scroll-mt-[calc(var(--header-height)+min(200px,max(70px,20svh)))]\" dir=\"auto\" data-turn-id=\"request-69a0fcc0-c558-8331-a22d-5131a6e3d1a6-1\" data-testid=\"conversation-turn-26\" data-scroll-anchor=\"true\" data-turn=\"assistant\">\n<div class=\"text-base my-auto mx-auto pb-10 [--thread-content-margin:--spacing(4)] @w-sm\/main:[--thread-content-margin:--spacing(6)] @w-lg\/main:[--thread-content-margin:--spacing(16)] px-(--thread-content-margin)\">\n<div class=\"[--thread-content-max-width:40rem] @w-lg\/main:[--thread-content-max-width:48rem] mx-auto max-w-(--thread-content-max-width) flex-1 group\/turn-messages focus-visible:outline-hidden relative flex w-full min-w-0 flex-col agent-turn\">\n<div class=\"flex max-w-full flex-col grow\">\n<div class=\"min-h-8 text-message relative flex w-full flex-col items-end gap-2 text-start break-words whitespace-normal [.text-message+&amp;]:mt-1\" dir=\"auto\" data-message-author-role=\"assistant\" data-message-id=\"064ac94c-ea97-4445-9589-ae8b612abcc9\" data-message-model-slug=\"gpt-5-2\">\n<div class=\"flex w-full flex-col gap-1 empty:hidden first:pt-[1px]\">\n<div class=\"markdown prose dark:prose-invert w-full wrap-break-word light markdown-new-styling\"><\/div>\n<\/div>\n<\/div>\n<\/div>\n<\/div>\n<\/div>\n<\/article>\n<\/div>\n<\/div>\n<div id=\"thread-bottom-container\" class=\"sticky bottom-0 group\/thread-bottom-container relative isolate z-10 w-full basis-auto has-data-has-thread-error:pt-2 has-data-has-thread-error:[box-shadow:var(--sharp-edge-bottom-shadow)] md:border-transparent md:pt-0 dark:border-white\/20 md:dark:border-transparent print:hidden content-fade single-line flex flex-col\">\n<div id=\"thread-bottom\">\n<div class=\"text-base mx-auto [--thread-content-margin:--spacing(4)] @w-sm\/main:[--thread-content-margin:--spacing(6)] @w-lg\/main:[--thread-content-margin:--spacing(16)] px-(--thread-content-margin)\">\n<div class=\"[--thread-content-max-width:40rem] @w-lg\/main:[--thread-content-max-width:48rem] mx-auto max-w-(--thread-content-max-width) flex-1 mb-4\">\n<div class=\"pointer-events-auto relative z-1 flex h-(--composer-container-height,100%) max-w-full flex-(--composer-container-flex,1) flex-col\">\n<div class=\"\">\n<div class=\"bg-token-bg-primary corner-superellipse\/1.1 cursor-text overflow-clip bg-clip-padding p-2.5 contain-inline-size motion-safe:transition-colors motion-safe:duration-200 motion-safe:ease-in-out dark:bg-[#303030] grid grid-cols-[auto_1fr_auto] [grid-template-areas:'header_header_header'_'leading_primary_trailing'_'._footer_.'] group-data-expanded\/composer:[grid-template-areas:'header_header_header'_'primary_primary_primary'_'leading_footer_trailing'] shadow-short\" data-composer-surface=\"true\">\n<div class=\"-my-2.5 flex min-h-14 items-center overflow-x-hidden px-1.5 [grid-area:primary] group-data-expanded\/composer:mb-0 group-data-expanded\/composer:px-2.5\">\n<div class=\"wcDTda_prosemirror-parent text-token-text-primary max-h-[max(30svh,5rem)] max-h-52 min-h-[var(--deep-research-composer-extra-height,unset)] flex-1 overflow-auto [scrollbar-width:thin] default-browser vertical-scroll-fade-mask\"><\/div>\n<\/div>\n<\/div>\n<\/div>\n<\/div>\n<\/div>\n<\/div>\n<\/div>\n<\/div>\n","protected":false},"excerpt":{"rendered":"<p>A P\u00f3s-Gradua\u00e7\u00e3o reafirma o compromisso da Universidade Federal Fluminense com a educa\u00e7\u00e3o continuada, a democratiza\u00e7\u00e3o do acesso ao conhecimento e o desenvolvimento regional. Em um contexto fora de sede, marcado pela oferta ainda limitada de cursos de p\u00f3s-gradua\u00e7\u00e3o, a consolida\u00e7\u00e3o de iniciativas acad\u00eamicas de forma\u00e7\u00e3o avan\u00e7ada representa um avan\u00e7o significativo para a qualifica\u00e7\u00e3o profissional e [&hellip;]<\/p>\n","protected":false},"author":106,"featured_media":0,"parent":0,"menu_order":0,"comment_status":"closed","ping_status":"closed","template":"","meta":{"_et_pb_use_builder":"","_et_pb_old_content":"","_et_gb_content_width":"","footnotes":""},"class_list":["post-807","page","type-page","status-publish","hentry"],"_links":{"self":[{"href":"https:\/\/mccicm.uff.br\/index.php?rest_route=\/wp\/v2\/pages\/807","targetHints":{"allow":["GET"]}}],"collection":[{"href":"https:\/\/mccicm.uff.br\/index.php?rest_route=\/wp\/v2\/pages"}],"about":[{"href":"https:\/\/mccicm.uff.br\/index.php?rest_route=\/wp\/v2\/types\/page"}],"author":[{"embeddable":true,"href":"https:\/\/mccicm.uff.br\/index.php?rest_route=\/wp\/v2\/users\/106"}],"replies":[{"embeddable":true,"href":"https:\/\/mccicm.uff.br\/index.php?rest_route=%2Fwp%2Fv2%2Fcomments&post=807"}],"version-history":[{"count":1,"href":"https:\/\/mccicm.uff.br\/index.php?rest_route=\/wp\/v2\/pages\/807\/revisions"}],"predecessor-version":[{"id":808,"href":"https:\/\/mccicm.uff.br\/index.php?rest_route=\/wp\/v2\/pages\/807\/revisions\/808"}],"wp:attachment":[{"href":"https:\/\/mccicm.uff.br\/index.php?rest_route=%2Fwp%2Fv2%2Fmedia&parent=807"}],"curies":[{"name":"wp","href":"https:\/\/api.w.org\/{rel}","templated":true}]}}