{"id":235,"date":"2024-09-18T11:45:51","date_gmt":"2024-09-18T14:45:51","guid":{"rendered":"https:\/\/mccicm.uff.br\/?page_id=235"},"modified":"2026-03-02T17:28:28","modified_gmt":"2026-03-02T20:28:28","slug":"nucleo-docente-estruturante-nde","status":"publish","type":"page","link":"https:\/\/mccicm.uff.br\/?page_id=235","title":{"rendered":"N\u00facleo docente Estruturante &#8211; NDE"},"content":{"rendered":"\r\n\r\n\r\n<p data-start=\"255\" data-end=\"722\">O N\u00facleo Docente Estruturante (NDE) do Curso de Ci\u00eancias Cont\u00e1beis de Maca\u00e9, regulamentado pela Resolu\u00e7\u00e3o ICM\/UFF No 5\/2024, constitui o n\u00facleo acad\u00eamico respons\u00e1vel pela concep\u00e7\u00e3o, consolida\u00e7\u00e3o e atualiza\u00e7\u00e3o permanente do Projeto Pedag\u00f3gico do Curso (PPC). Institu\u00eddo em conformidade com a Resolu\u00e7\u00e3o CONAES n\u00ba 01\/2010 (<a href=\"http:\/\/portal.mec.gov.br\/index.php?option=com_docman&amp;view=download&amp;alias=6885-resolucao1-2010-conae&amp;Itemid=30192\" target=\"_blank\" rel=\"noreferrer noopener\">Resolu\u00e7\u00e3o n\u00ba 01 de 17\/06\/2010) <\/a>e regulamentado no \u00e2mbito da UFF, o NDE integra a estrutura de gest\u00e3o acad\u00eamica do curso, exercendo fun\u00e7\u00e3o consultiva, propositiva, avaliativa e de assessoramento em mat\u00e9rias de natureza acad\u00eamica.<\/p>\r\n<p data-start=\"724\" data-end=\"1149\">O NDE \u00e9 correspons\u00e1vel pela defini\u00e7\u00e3o da identidade formativa do curso, atuando na elabora\u00e7\u00e3o e revis\u00e3o do Projeto Pedag\u00f3gico, na defini\u00e7\u00e3o do perfil do egresso e na garantia da coer\u00eancia entre os componentes curriculares e as Diretrizes Curriculares Nacionais. Sua atua\u00e7\u00e3o assegura que a forma\u00e7\u00e3o oferecida esteja alinhada \u00e0s exig\u00eancias legais, \u00e0s transforma\u00e7\u00f5es da profiss\u00e3o cont\u00e1bil e \u00e0s demandas sociais e institucionais.<\/p>\r\n<p data-start=\"1151\" data-end=\"1197\">Entre suas principais atribui\u00e7\u00f5es destacam-se:<\/p>\r\n<ul data-start=\"1199\" data-end=\"1637\">\r\n<li data-start=\"1199\" data-end=\"1252\">\r\n<p data-start=\"1201\" data-end=\"1252\">Elaborar e atualizar o Projeto Pedag\u00f3gico do Curso;<\/p>\r\n<\/li>\r\n<li data-start=\"1253\" data-end=\"1309\">\r\n<p data-start=\"1255\" data-end=\"1309\">Definir e consolidar o perfil profissional do egresso;<\/p>\r\n<\/li>\r\n<li data-start=\"1310\" data-end=\"1371\">\r\n<p data-start=\"1312\" data-end=\"1371\">Promover a integra\u00e7\u00e3o curricular e a interdisciplinaridade;<\/p>\r\n<\/li>\r\n<li data-start=\"1372\" data-end=\"1435\">\r\n<p data-start=\"1374\" data-end=\"1435\">Acompanhar e avaliar planos de ensino e pr\u00e1ticas pedag\u00f3gicas;<\/p>\r\n<\/li>\r\n<li data-start=\"1436\" data-end=\"1486\">\r\n<p data-start=\"1438\" data-end=\"1486\">Conduzir processos de reestrutura\u00e7\u00e3o curricular;<\/p>\r\n<\/li>\r\n<li data-start=\"1487\" data-end=\"1570\">\r\n<p data-start=\"1489\" data-end=\"1570\">Indicar estrat\u00e9gias de incentivo \u00e0 pesquisa e \u00e0 extens\u00e3o articuladas \u00e0 gradua\u00e7\u00e3o;<\/p>\r\n<\/li>\r\n<li data-start=\"1571\" data-end=\"1637\">\r\n<p data-start=\"1573\" data-end=\"1637\">Supervisionar mecanismos de avalia\u00e7\u00e3o e acompanhamento do curso.<\/p>\r\n<\/li>\r\n<\/ul>\r\n<p data-start=\"1639\" data-end=\"2055\">O NDE \u00e9 composto pelo(a) Coordenador(a) do Curso, que o preside, e por docentes com experi\u00eancia acad\u00eamica e qualifica\u00e7\u00e3o compat\u00edvel com as exig\u00eancias institucionais, assegurando lideran\u00e7a acad\u00eamica e compromisso com a qualidade do ensino. Seus membros possuem titula\u00e7\u00e3o em n\u00edvel de p\u00f3s-gradua\u00e7\u00e3o, experi\u00eancia docente no ensino superior e participa\u00e7\u00e3o ativa na constru\u00e7\u00e3o e no aprimoramento das atividades formativas.<\/p>\r\n<p data-start=\"2057\" data-end=\"2259\">As reuni\u00f5es ocorrem ordinariamente de forma semestral e, quando necess\u00e1rio, extraordinariamente, garantindo acompanhamento cont\u00ednuo das demandas acad\u00eamicas e das estrat\u00e9gias de desenvolvimento do curso.<\/p>\r\n<p data-start=\"2261\" data-end=\"2501\">Ao atuar de forma estrat\u00e9gica e permanente, o N\u00facleo Docente Estruturante consolida-se como inst\u00e2ncia fundamental para a qualidade acad\u00eamica, a atualiza\u00e7\u00e3o curricular e o fortalecimento institucional do Curso de Ci\u00eancias Cont\u00e1beis de Maca\u00e9.<\/p>\r\n<h3 data-start=\"2261\" data-end=\"2501\"><strong>Base Normativa<\/strong><\/h3>\r\n<p><strong>\ud83d\udcccResolu\u00e7\u00e3o que regulamenta as atividades do NDE:<\/strong><\/p>\r\n<p><strong><a href='http:\/\/mccicm.uff.br\/wp-content\/uploads\/sites\/79\/2024\/09\/Resolucao_ICM_UFF_05_NDE-1.pdf' class='small-button smallblue' target=\"_blank\">Regulamento das Atividades do NDE<\/a><\/strong><\/p>\r\n<p>&nbsp;<\/p>\r\n\r\n\r\n\r\n<h3><strong>Composi\u00e7\u00e3o Atual do NDE:<\/strong><\/h3>\r\n\r\n\r\n\r\n<ul>\r\n<li>\u00c9RICA JANN VELOZO \u2013 SIAPE: 2248572<\/li>\r\n<li>MONIQUE DOS SANTOS BARRETO \u2013 SIAPE 4089763<\/li>\r\n<li>MAURO SILVA FLORENTINO \u2013 SIAPE 1805264<\/li>\r\n<li>ROBERTO PIRES SOARES JUNIOR \u2013 SIAPE 1790780<\/li>\r\n<li>MICHELE MONTEIRO L\u00cdRIO MARIA \u2013 SIAPE 1406632<\/li>\r\n<li>VANUZA SILVA FIGUEIREDO \u2013 SIAPE 2128689<\/li>\r\n<\/ul>\r\n<p>&nbsp;<\/p>\r\n\r\n\r\n\r\n<p>&nbsp;<\/p>\r\n","protected":false},"excerpt":{"rendered":"<p>O N\u00facleo Docente Estruturante (NDE) do Curso de Ci\u00eancias Cont\u00e1beis de Maca\u00e9, regulamentado pela Resolu\u00e7\u00e3o ICM\/UFF No 5\/2024, constitui o n\u00facleo acad\u00eamico respons\u00e1vel pela concep\u00e7\u00e3o, consolida\u00e7\u00e3o e atualiza\u00e7\u00e3o permanente do Projeto Pedag\u00f3gico do Curso (PPC). Institu\u00eddo em conformidade com a Resolu\u00e7\u00e3o CONAES n\u00ba 01\/2010 (Resolu\u00e7\u00e3o n\u00ba 01 de 17\/06\/2010) e regulamentado no \u00e2mbito da UFF, [&hellip;]<\/p>\n","protected":false},"author":106,"featured_media":0,"parent":600,"menu_order":0,"comment_status":"closed","ping_status":"closed","template":"","meta":{"_et_pb_use_builder":"off","_et_pb_old_content":"","_et_gb_content_width":"","footnotes":""},"class_list":["post-235","page","type-page","status-publish","hentry"],"_links":{"self":[{"href":"https:\/\/mccicm.uff.br\/index.php?rest_route=\/wp\/v2\/pages\/235","targetHints":{"allow":["GET"]}}],"collection":[{"href":"https:\/\/mccicm.uff.br\/index.php?rest_route=\/wp\/v2\/pages"}],"about":[{"href":"https:\/\/mccicm.uff.br\/index.php?rest_route=\/wp\/v2\/types\/page"}],"author":[{"embeddable":true,"href":"https:\/\/mccicm.uff.br\/index.php?rest_route=\/wp\/v2\/users\/106"}],"replies":[{"embeddable":true,"href":"https:\/\/mccicm.uff.br\/index.php?rest_route=%2Fwp%2Fv2%2Fcomments&post=235"}],"version-history":[{"count":10,"href":"https:\/\/mccicm.uff.br\/index.php?rest_route=\/wp\/v2\/pages\/235\/revisions"}],"predecessor-version":[{"id":771,"href":"https:\/\/mccicm.uff.br\/index.php?rest_route=\/wp\/v2\/pages\/235\/revisions\/771"}],"up":[{"embeddable":true,"href":"https:\/\/mccicm.uff.br\/index.php?rest_route=\/wp\/v2\/pages\/600"}],"wp:attachment":[{"href":"https:\/\/mccicm.uff.br\/index.php?rest_route=%2Fwp%2Fv2%2Fmedia&parent=235"}],"curies":[{"name":"wp","href":"https:\/\/api.w.org\/{rel}","templated":true}]}}